{"id":557,"date":"2024-08-06T11:56:40","date_gmt":"2024-08-06T11:56:40","guid":{"rendered":"https:\/\/www.koenigliches-forsthaus.de\/?page_id=557"},"modified":"2024-08-06T12:39:31","modified_gmt":"2024-08-06T12:39:31","slug":"konferenzraum-en","status":"publish","type":"page","link":"https:\/\/www.koenigliches-forsthaus.de\/?page_id=557&lang=en","title":{"rendered":"Konferenzraum EN"},"content":{"rendered":"<p>[et_pb_section fb_built=&#8220;1&#8243; _builder_version=&#8220;4.27.0&#8243; _module_preset=&#8220;default&#8220; background_image=&#8220;https:\/\/www.koenigliches-forsthaus.de\/wp-content\/uploads\/2024\/08\/tagen_headerbanner.jpg&#8220; height=&#8220;55vh&#8220; height_tablet=&#8220;55vh&#8220; height_phone=&#8220;75vh&#8220; height_last_edited=&#8220;on|phone&#8220; custom_css_free_form=&#8220;selector {||  display: flex;||  align-items: center;||}&#8220; global_colors_info=&#8220;{}&#8220;][et_pb_row disabled_on=&#8220;off|off|off&#8220; _builder_version=&#8220;4.27.0&#8243; _module_preset=&#8220;default&#8220; height=&#8220;100%&#8220; custom_css_free_form=&#8220;selector {||  display: flex;||  align-items: center;||  }||||@media only screen and (max-width: 550px) { selector {||  display: flex;||  align-items: flex-end;||  }||}&#8220; global_module=&#8220;500&#8243; saved_tabs=&#8220;all&#8220; global_colors_info=&#8220;{}&#8220;][et_pb_column type=&#8220;4_4&#8243; _builder_version=&#8220;4.27.0&#8243; _module_preset=&#8220;default&#8220; global_colors_info=&#8220;{}&#8220;][et_pb_text content_tablet=&#8220;<\/p>\n<\/p>\n<h3 style=%22text-align: center;%22>Book your overnight stay with us now!<\/h3>\n<p style=%22text-align: center;%22>The hotel is situated in a central and quiet location directly opposite the famous collegiate basilica and the monastery. On the most beautiful square in Waldsassen.<\/p>\n<h5 style=%22text-align: center; background-color: white; padding: 20px 0px 20px 0px; margin: 30px 20px 0px 20px; color: #a63d33 !important; cursor: pointer;%22><a href=%22https:\/\/www.koenigliches-forsthaus.de\/?page_id=314%22>Request now<\/a><\/h5>\n<\/p>\n<\/p>\n<p>&#8220; content_phone=&#8220;<\/p>\n<\/p>\n<h3 style=%22text-align: center;%22>Book your overnight stay with us now!<\/h3>\n<p style=%22text-align: center;%22>The hotel is situated in a central and quiet location directly opposite the famous collegiate basilica and the monastery. On the most beautiful square in Waldsassen.<\/p>\n<h5 style=%22text-align: center; background-color: white; padding: 20px 0px 20px 0px; margin: 30px 20px 0px 20px; color: #a63d33 !important; cursor: pointer;%22><a href=%22https:\/\/www.koenigliches-forsthaus.de\/?page_id=314%22>Request now<\/a><\/h5>\n<\/p>\n<\/p>\n<p>&#8220; content_last_edited=&#8220;on|phone&#8220; _builder_version=&#8220;4.27.0&#8243; _module_preset=&#8220;default&#8220; text_text_color=&#8220;#FFFFFF&#8220; header_text_color=&#8220;#FFFFFF&#8220; header_3_text_color=&#8220;#FFFFFF&#8220; background_color=&#8220;#A63D33&#8243; width=&#8220;23%&#8220; width_tablet=&#8220;23%&#8220; width_phone=&#8220;100%&#8220; width_last_edited=&#8220;on|desktop&#8220; max_width=&#8220;350px&#8220; max_width_tablet=&#8220;350px&#8220; max_width_phone=&#8220;&#8220; max_width_last_edited=&#8220;on|phone&#8220; module_alignment=&#8220;left&#8220; custom_margin=&#8220;||0px||false|false&#8220; custom_margin_tablet=&#8220;||0px||false|false&#8220; custom_margin_phone=&#8220;||-120px||false|false&#8220; custom_margin_last_edited=&#8220;on|desktop&#8220; custom_padding=&#8220;30px|20px|20px|20px|false|false&#8220; custom_padding_tablet=&#8220;&#8220; custom_padding_phone=&#8220;||0px||false|false&#8220; custom_padding_last_edited=&#8220;on|phone&#8220; custom_css_free_form=&#8220;selector {||  min-width: 320px;||}||||@media only screen and (max-width: 550px) { selector {||  min-width: 0px;||  }||}&#8220; global_colors_info=&#8220;{}&#8220;]<\/p>\n<h3 style=\"text-align: center;\">Book your overnight stay with us now!<\/h3>\n<p style=\"text-align: center;\">The hotel is situated in a central and quiet location directly opposite the famous collegiate basilica and the monastery. On the most beautiful square in Waldsassen.<\/p>\n<h5 style=\"text-align: center; background-color: white; padding: 20px 0px 20px 0px; margin: 30px 20px 0px 20px; color: #a63d33 !important; cursor: pointer;\"><a href=\"https:\/\/www.koenigliches-forsthaus.de\/?page_id=574&amp;lang=en\">Request now<\/a><\/h5>\n<p>&nbsp;<\/p>\n<p>[\/et_pb_text][\/et_pb_column][\/et_pb_row][\/et_pb_section][et_pb_section fb_built=&#8220;1&#8243; _builder_version=&#8220;4.27.0&#8243; _module_preset=&#8220;default&#8220; background_image=&#8220;https:\/\/www.koenigliches-forsthaus.de\/wp-content\/uploads\/2024\/08\/bg_pattern.jpg&#8220; background_size=&#8220;initial&#8220; background_repeat=&#8220;repeat&#8220; global_colors_info=&#8220;{}&#8220;][et_pb_row _builder_version=&#8220;4.27.0&#8243; _module_preset=&#8220;default&#8220; global_colors_info=&#8220;{}&#8220;][et_pb_column type=&#8220;4_4&#8243; _builder_version=&#8220;4.27.0&#8243; _module_preset=&#8220;default&#8220; global_colors_info=&#8220;{}&#8220;][et_pb_text _builder_version=&#8220;4.27.0&#8243; _module_preset=&#8220;d18200a6-dbb1-4ee2-bf9b-9074e2aa25d4&#8243; global_colors_info=&#8220;{}&#8220;]<\/p>\n<h1 style=\"text-align: center;\">Modern conferences in a historical ambience<\/h1>\n<p>[\/et_pb_text][et_pb_image src=&#8220;https:\/\/www.koenigliches-forsthaus.de\/wp-content\/uploads\/2024\/08\/linie.svg&#8220; title_text=&#8220;linie&#8220; align=&#8220;center&#8220; _builder_version=&#8220;4.27.0&#8243; _module_preset=&#8220;default&#8220; custom_margin=&#8220;||50px||false|false&#8220; saved_tabs=&#8220;all&#8220; global_colors_info=&#8220;{}&#8220;][\/et_pb_image][et_pb_text _builder_version=&#8220;4.27.0&#8243; _module_preset=&#8220;default&#8220; global_colors_info=&#8220;{}&#8220;]<\/p>\n<p style=\"text-align: center;\">Our conference room in the K\u00f6niglich-Bayerisches Forsthaus offers a unique blend of historical flair and state-of-the-art equipment. With space for up to 18 people and a state-of-the-art TV for presentations, the room is ideal for exclusive meetings and seminars. The stylish furnishings create a pleasant atmosphere that promotes creativity and productivity. Enjoy the special aura of our hotel while you make important business decisions and develop innovative ideas.<\/p>\n<p>[\/et_pb_text][\/et_pb_column][\/et_pb_row][et_pb_row column_structure=&#8220;1_3,1_3,1_3&#8243; use_custom_gutter=&#8220;on&#8220; _builder_version=&#8220;4.27.0&#8243; _module_preset=&#8220;default&#8220; custom_margin=&#8220;25px||25px||false|false&#8220; global_colors_info=&#8220;{}&#8220;][et_pb_column type=&#8220;1_3&#8243; _builder_version=&#8220;4.27.0&#8243; _module_preset=&#8220;default&#8220; global_colors_info=&#8220;{}&#8220;][et_pb_image src=&#8220;https:\/\/www.koenigliches-forsthaus.de\/wp-content\/uploads\/2024\/08\/bb_hzekbh_pirkl_KLR8742.jpg&#8220; title_text=&#8220;bb_hzekbh_pirkl_KLR8742&#8243; _builder_version=&#8220;4.27.0&#8243; _module_preset=&#8220;default&#8220; global_colors_info=&#8220;{}&#8220;][\/et_pb_image][\/et_pb_column][et_pb_column type=&#8220;1_3&#8243; _builder_version=&#8220;4.27.0&#8243; _module_preset=&#8220;default&#8220; global_colors_info=&#8220;{}&#8220;][et_pb_image src=&#8220;https:\/\/www.koenigliches-forsthaus.de\/wp-content\/uploads\/2024\/08\/bb_hzekbh_pirkl_KLR8832.jpg&#8220; title_text=&#8220;bb_hzekbh_pirkl_KLR8832&#8243; _builder_version=&#8220;4.27.0&#8243; _module_preset=&#8220;default&#8220; global_colors_info=&#8220;{}&#8220;][\/et_pb_image][\/et_pb_column][et_pb_column type=&#8220;1_3&#8243; _builder_version=&#8220;4.27.0&#8243; _module_preset=&#8220;default&#8220; global_colors_info=&#8220;{}&#8220;][et_pb_image src=&#8220;https:\/\/www.koenigliches-forsthaus.de\/wp-content\/uploads\/2024\/08\/bb_hzekbh_pirkl_KLR8808.jpg&#8220; title_text=&#8220;bb_hzekbh_pirkl_KLR8808&#8243; _builder_version=&#8220;4.27.0&#8243; _module_preset=&#8220;default&#8220; global_colors_info=&#8220;{}&#8220;][\/et_pb_image][\/et_pb_column][\/et_pb_row][\/et_pb_section][et_pb_section fb_built=&#8220;1&#8243; _builder_version=&#8220;4.27.0&#8243; _module_preset=&#8220;default&#8220; global_colors_info=&#8220;{}&#8220;][et_pb_row _builder_version=&#8220;4.27.0&#8243; _module_preset=&#8220;default&#8220; global_colors_info=&#8220;{}&#8220;][et_pb_column type=&#8220;4_4&#8243; _builder_version=&#8220;4.27.0&#8243; _module_preset=&#8220;default&#8220; global_colors_info=&#8220;{}&#8220;][et_pb_heading title=&#8220;Attractive offers for your seminar room&#8220; _builder_version=&#8220;4.27.0&#8243; _module_preset=&#8220;default&#8220; title_level=&#8220;h2&#8243; title_font=&#8220;|800|||||||&#8220; title_text_align=&#8220;center&#8220; title_text_color=&#8220;#354538&#8243; title_font_size=&#8220;50px&#8220; custom_margin=&#8220;0px||0px||false|false&#8220; title_font_size_tablet=&#8220;30px&#8220; title_font_size_phone=&#8220;30px&#8220; title_font_size_last_edited=&#8220;on|tablet&#8220; global_colors_info=&#8220;{}&#8220;][\/et_pb_heading][et_pb_text _builder_version=&#8220;4.27.0&#8243; _module_preset=&#8220;default&#8220; custom_margin=&#8220;25px||50px||false|false&#8220; global_colors_info=&#8220;{}&#8220;]<\/p>\n<p style=\"text-align: center;\">Plan your next seminar, meeting or training with us and choose from our flexible booking options. Whether you only need half a day, a full day or a seminar without catering &#8211; we have the right offer for you. Our modern seminar rooms provide the perfect environment for productive meetings at transparent and fair prices. Let&#8217;s make your event a success together!<\/p>\n<p>[\/et_pb_text][et_pb_pricing_tables _builder_version=&#8220;4.27.0&#8243; _module_preset=&#8220;default&#8220; custom_padding=&#8220;51px|||||&#8220; global_colors_info=&#8220;{}&#8220;][et_pb_pricing_table title=&#8220;Half-day seminar&#8220; currency=&#8220;per person&#8220; sum=&#8220;62,-&#8220; bullet_color=&#8220;RGBA(255,255,255,0)&#8220; header_background_color=&#8220;RGBA(255,255,255,0)&#8220; _builder_version=&#8220;4.27.0&#8243; _module_preset=&#8220;default&#8220; header_level=&#8220;h3&#8243; header_font=&#8220;|800|||||||&#8220; header_text_color=&#8220;#CAA26E&#8220; header_font_size=&#8220;40px&#8220; body_text_color=&#8220;#CAA26E&#8220; price_font=&#8220;|800|||||||&#8220; price_font_size=&#8220;50px&#8220; currency_frequency_text_color=&#8220;#CAA26E&#8220; currency_frequency_font_size=&#8220;12px&#8220; text_orientation=&#8220;center&#8220; custom_padding=&#8220;30px|20px||20px|false|false&#8220; border_color_all=&#8220;#CAA26E&#8220; border_color_all_price=&#8220;RGBA(255,255,255,0)&#8220; global_colors_info=&#8220;{}&#8220; sticky_transition=&#8220;on&#8220;]<\/p>\n<p>2-course lunch menu<br \/>Coffee and pastries<br \/>Incl. drinks (water, soda)<br \/>Manager&#8217;s case and electrical appliances<\/p>\n<p>[\/et_pb_pricing_table][et_pb_pricing_table featured=&#8220;on&#8220; title=&#8220;Full-day seminar&#8220; currency=&#8220;per person&#8220; sum=&#8220;92,-&#8220; bullet_color=&#8220;RGBA(255,255,255,0)&#8220; header_background_color=&#8220;#CAA26E&#8220; _builder_version=&#8220;4.27.0&#8243; _module_preset=&#8220;default&#8220; header_level=&#8220;h3&#8243; header_font=&#8220;|800|||||||&#8220; header_text_color=&#8220;#FFFFFF&#8220; header_font_size=&#8220;40px&#8220; body_text_color=&#8220;#CAA26E&#8220; price_font=&#8220;|800|||||||&#8220; price_font_size=&#8220;50px&#8220; currency_frequency_text_color=&#8220;#CAA26E&#8220; currency_frequency_font_size=&#8220;12px&#8220; text_orientation=&#8220;center&#8220; custom_padding=&#8220;30px|20px||20px|false|false&#8220; border_color_all=&#8220;#CAA26E&#8220; border_color_all_price=&#8220;RGBA(255,255,255,0)&#8220; global_colors_info=&#8220;{}&#8220; sticky_transition=&#8220;on&#8220;]<\/p>\n<p>2-course lunch menu<br \/>Coffee and pastries<br \/>Incl. drinks (water, soda)<br \/>Manager&#8217;s case and electrical appliances<br \/>3-course evening menu<\/p>\n<p>[\/et_pb_pricing_table][et_pb_pricing_table title=&#8220;Seminar without food&#8220; currency=&#8220;Rental per day&#8220; sum=&#8220;125,-&#8220; bullet_color=&#8220;RGBA(255,255,255,0)&#8220; header_background_color=&#8220;RGBA(255,255,255,0)&#8220; _builder_version=&#8220;4.27.0&#8243; _module_preset=&#8220;default&#8220; header_level=&#8220;h3&#8243; header_font=&#8220;|800|||||||&#8220; header_text_color=&#8220;#CAA26E&#8220; header_font_size=&#8220;40px&#8220; body_text_color=&#8220;#CAA26E&#8220; price_font=&#8220;|800|||||||&#8220; price_font_size=&#8220;50px&#8220; currency_frequency_text_color=&#8220;#CAA26E&#8220; currency_frequency_font_size=&#8220;12px&#8220; text_orientation=&#8220;center&#8220; custom_padding=&#8220;30px|20px||20px|false|false&#8220; border_color_all=&#8220;#CAA26E&#8220; border_color_all_price=&#8220;RGBA(255,255,255,0)&#8220; global_colors_info=&#8220;{}&#8220; sticky_transition=&#8220;on&#8220;]<\/p>\n<p>Manager&#8217;s case and electrical appliances<\/p>\n<p>Non-alcoholic drinks &#8211; self-service from the fridge, extra cost per person 12.50<\/p>\n<p>[\/et_pb_pricing_table][\/et_pb_pricing_tables][\/et_pb_column][\/et_pb_row][\/et_pb_section][et_pb_section fb_built=&#8220;1&#8243; _builder_version=&#8220;4.27.0&#8243; _module_preset=&#8220;default&#8220; background_image=&#8220;https:\/\/www.koenigliches-forsthaus.de\/wp-content\/uploads\/2024\/08\/bg_pattern.jpg&#8220; background_size=&#8220;initial&#8220; background_repeat=&#8220;repeat&#8220; global_colors_info=&#8220;{}&#8220;][et_pb_row column_structure=&#8220;1_2,1_2&#8243; make_equal=&#8220;on&#8220; _builder_version=&#8220;4.27.0&#8243; _module_preset=&#8220;default&#8220; global_colors_info=&#8220;{}&#8220;][et_pb_column type=&#8220;1_2&#8243; _builder_version=&#8220;4.27.0&#8243; _module_preset=&#8220;default&#8220; custom_css_free_form=&#8220;selector {||  display: flex;||  flex-direction: column;||  justify-content: center;||}||||@media only screen and (max-width: 550px) { selector {||  display: block;||  }||}&#8220; global_colors_info=&#8220;{}&#8220;][et_pb_heading title=&#8220;Relaxation and recovery after the meeting&#8220; _builder_version=&#8220;4.27.0&#8243; _module_preset=&#8220;default&#8220; title_level=&#8220;h2&#8243; title_font=&#8220;|800|||||||&#8220; title_text_align=&#8220;left&#8220; title_text_color=&#8220;#354538&#8243; title_font_size=&#8220;50px&#8220; custom_margin=&#8220;0px||0px||false|false&#8220; title_text_align_tablet=&#8220;center&#8220; title_text_align_phone=&#8220;center&#8220; title_text_align_last_edited=&#8220;on|tablet&#8220; title_font_size_tablet=&#8220;30px&#8220; title_font_size_phone=&#8220;30px&#8220; title_font_size_last_edited=&#8220;on|tablet&#8220; global_colors_info=&#8220;{}&#8220;][\/et_pb_heading][et_pb_text content_tablet=&#8220;<\/p>\n<h4 style=%22text-align: center;%22>Gemeinsam schaffen wir Erlebnisse und Entspannung<\/h4>\n<p>&#8220; content_phone=&#8220;<\/p>\n<h4 style=%22text-align: center;%22>Gemeinsam schaffen wir Erlebnisse und Entspannung<\/h4>\n<p>&#8220; content_last_edited=&#8220;on|desktop&#8220; _builder_version=&#8220;4.27.0&#8243; _module_preset=&#8220;default&#8220; custom_margin=&#8220;0px||0px||false|false&#8220; custom_padding=&#8220;0px||0px||false|false&#8220; global_colors_info=&#8220;{}&#8220;]<\/p>\n<h4 style=\"text-align: left;\">Comfortable accommodation and first-class gastronomy<\/h4>\n<p>[\/et_pb_text][et_pb_text content_tablet=&#8220;<\/p>\n<p style=%22text-align: center;%22>Unser Hotel wird seit Generationen mit Hingabe von der Familie Pirkl gef\u00fchrt und hat im Laufe der Jahre zahlreiche bekannte G\u00e4ste beherbergt. Unsere Tradition der Gastfreundschaft beruht auf pers\u00f6nlichem Engagement und einem hohen Anspruch an Qualit\u00e4t. Damit Ihr Aufenthalt bei uns erholsam und unvergesslich wird, k\u00fcmmert sich unser engagiertes Team um Ihr Wohlbefinden. Von der herzlichen Begr\u00fc\u00dfung an der Rezeption bis zur liebevollen Pflege der Zimmer sorgen wir daf\u00fcr, dass Sie sich rundum wohl und entspannt f\u00fchlen. Genie\u00dfen Sie ein k\u00f6stliches Abendessen in unserem Restaurant, die gem\u00fctliche Atmosph\u00e4re und die Aufmerksamkeit unserer Mitarbeiter, die stets darauf bedacht sind, Ihren Aufenthalt zu einem besonderen Erlebnis zu machen.<\/p>\n<p>&#8220; content_phone=&#8220;<\/p>\n<p style=%22text-align: center;%22>Unser Hotel wird seit Generationen mit Hingabe von der Familie Pirkl gef\u00fchrt und hat im Laufe der Jahre zahlreiche bekannte G\u00e4ste beherbergt. Unsere Tradition der Gastfreundschaft beruht auf pers\u00f6nlichem Engagement und einem hohen Anspruch an Qualit\u00e4t. Damit Ihr Aufenthalt bei uns erholsam und unvergesslich wird, k\u00fcmmert sich unser engagiertes Team um Ihr Wohlbefinden. Von der herzlichen Begr\u00fc\u00dfung an der Rezeption bis zur liebevollen Pflege der Zimmer sorgen wir daf\u00fcr, dass Sie sich rundum wohl und entspannt f\u00fchlen. Genie\u00dfen Sie ein k\u00f6stliches Abendessen in unserem Restaurant, die gem\u00fctliche Atmosph\u00e4re und die Aufmerksamkeit unserer Mitarbeiter, die stets darauf bedacht sind, Ihren Aufenthalt zu einem besonderen Erlebnis zu machen.<\/p>\n<p>&#8220; content_last_edited=&#8220;on|desktop&#8220; _builder_version=&#8220;4.27.0&#8243; _module_preset=&#8220;default&#8220; custom_margin=&#8220;25px||||false|false&#8220; global_colors_info=&#8220;{}&#8220;]<\/p>\n<p style=\"text-align: left;\">After a successful day in the conference room, the K\u00f6niglich-Bayerische Forsthaus in Waldsassen invites you to relax. Our comfortable hotel rooms offer you the perfect opportunity to recover after an intensive meeting. In addition, our first-class restaurant will spoil you with culinary delicacies from the region. Take the opportunity to network after your meeting in a relaxed atmosphere or simply enjoy the peace and quiet. Your meeting will not only be productive, but also relaxing and enjoyable.<\/p>\n<p>[\/et_pb_text][\/et_pb_column][et_pb_column type=&#8220;1_2&#8243; _builder_version=&#8220;4.27.0&#8243; _module_preset=&#8220;default&#8220; global_colors_info=&#8220;{}&#8220;][et_pb_image src=&#8220;https:\/\/www.koenigliches-forsthaus.de\/wp-content\/uploads\/2024\/08\/bb_hzekbh_pirkl_KLR8969.jpg&#8220; title_text=&#8220;bb_hzekbh_pirkl_KLR8969&#8243; _builder_version=&#8220;4.27.0&#8243; _module_preset=&#8220;default&#8220; global_colors_info=&#8220;{}&#8220;][\/et_pb_image][\/et_pb_column][\/et_pb_row][\/et_pb_section][et_pb_section fb_built=&#8220;1&#8243; _builder_version=&#8220;4.27.0&#8243; _module_preset=&#8220;default&#8220; custom_margin=&#8220;||||false|false&#8220; custom_padding=&#8220;||||false|false&#8220; global_colors_info=&#8220;{}&#8220;][et_pb_row _builder_version=&#8220;4.27.0&#8243; _module_preset=&#8220;default&#8220; global_colors_info=&#8220;{}&#8220;][et_pb_column type=&#8220;4_4&#8243; _builder_version=&#8220;4.27.0&#8243; _module_preset=&#8220;default&#8220; global_colors_info=&#8220;{}&#8220;][et_pb_heading title=&#8220;Request your seminar room now&#8220; _builder_version=&#8220;4.27.0&#8243; _module_preset=&#8220;default&#8220; title_level=&#8220;h2&#8243; title_font=&#8220;|800|||||||&#8220; title_text_align=&#8220;center&#8220; title_text_color=&#8220;#354538&#8243; title_font_size=&#8220;50px&#8220; title_font_size_tablet=&#8220;30px&#8220; title_font_size_phone=&#8220;30px&#8220; title_font_size_last_edited=&#8220;on|tablet&#8220; global_colors_info=&#8220;{}&#8220;][\/et_pb_heading][et_pb_text _builder_version=&#8220;4.27.0&#8243; _module_preset=&#8220;default&#8220; global_colors_info=&#8220;{}&#8220;]<\/p>\n<p style=\"text-align: center;\">Interested in one of our seminars? Use our uncomplicated inquiry form. Contact us today and secure the ideal room for your event!<\/p>\n<p>[\/et_pb_text][et_pb_contact_form email=&#8220;patrick@bewegterblick.de&#8220; success_message=&#8220;Thank you for your inquiry.&#8220; submit_button_text=&#8220;Send&#8220; _builder_version=&#8220;4.27.0&#8243; _module_preset=&#8220;default&#8220; _unique_id=&#8220;4be46d63-9fb5-4271-82b2-36406754b968&#8243; form_field_background_color=&#8220;#ADA48E&#8220; form_field_text_color=&#8220;#FFFFFF&#8220; form_field_custom_padding=&#8220;||||false|false&#8220; form_field_font_size=&#8220;16px&#8220; custom_button=&#8220;on&#8220; button_text_color=&#8220;#FFFFFF&#8220; button_bg_color=&#8220;#354538&#8243; button_font=&#8220;|800|||||||&#8220; button_use_icon=&#8220;off&#8220; button_custom_margin=&#8220;||||false|false&#8220; button_custom_padding=&#8220;|80px||80px|false|true&#8220; custom_margin=&#8220;80px||||false|false&#8220; hover_enabled=&#8220;0&#8243; global_colors_info=&#8220;{}&#8220; sticky_enabled=&#8220;0&#8243;][et_pb_contact_field field_id=&#8220;Vor_und_Nachname&#8220; field_title=&#8220;Full name*&#8220; _builder_version=&#8220;4.27.0&#8243; global_colors_info=&#8220;{}&#8220; button_text_size__hover_enabled=&#8220;off&#8220; button_one_text_size__hover_enabled=&#8220;off&#8220; button_two_text_size__hover_enabled=&#8220;off&#8220; button_text_color__hover_enabled=&#8220;off&#8220; button_one_text_color__hover_enabled=&#8220;off&#8220; button_two_text_color__hover_enabled=&#8220;off&#8220; button_border_width__hover_enabled=&#8220;off&#8220; button_one_border_width__hover_enabled=&#8220;off&#8220; button_two_border_width__hover_enabled=&#8220;off&#8220; button_border_color__hover_enabled=&#8220;off&#8220; button_one_border_color__hover_enabled=&#8220;off&#8220; button_two_border_color__hover_enabled=&#8220;off&#8220; button_border_radius__hover_enabled=&#8220;off&#8220; button_one_border_radius__hover_enabled=&#8220;off&#8220; button_two_border_radius__hover_enabled=&#8220;off&#8220; button_letter_spacing__hover_enabled=&#8220;off&#8220; button_one_letter_spacing__hover_enabled=&#8220;off&#8220; button_two_letter_spacing__hover_enabled=&#8220;off&#8220; button_bg_color__hover_enabled=&#8220;off&#8220; button_one_bg_color__hover_enabled=&#8220;off&#8220; button_two_bg_color__hover_enabled=&#8220;off&#8220;][\/et_pb_contact_field][et_pb_contact_field field_id=&#8220;Email_Adresse&#8220; field_title=&#8220;E-Mail*&#8220; field_type=&#8220;email&#8220; _builder_version=&#8220;4.27.0&#8243; global_colors_info=&#8220;{}&#8220; button_text_size__hover_enabled=&#8220;off&#8220; button_one_text_size__hover_enabled=&#8220;off&#8220; button_two_text_size__hover_enabled=&#8220;off&#8220; button_text_color__hover_enabled=&#8220;off&#8220; button_one_text_color__hover_enabled=&#8220;off&#8220; button_two_text_color__hover_enabled=&#8220;off&#8220; button_border_width__hover_enabled=&#8220;off&#8220; button_one_border_width__hover_enabled=&#8220;off&#8220; button_two_border_width__hover_enabled=&#8220;off&#8220; button_border_color__hover_enabled=&#8220;off&#8220; button_one_border_color__hover_enabled=&#8220;off&#8220; button_two_border_color__hover_enabled=&#8220;off&#8220; button_border_radius__hover_enabled=&#8220;off&#8220; button_one_border_radius__hover_enabled=&#8220;off&#8220; button_two_border_radius__hover_enabled=&#8220;off&#8220; button_letter_spacing__hover_enabled=&#8220;off&#8220; button_one_letter_spacing__hover_enabled=&#8220;off&#8220; button_two_letter_spacing__hover_enabled=&#8220;off&#8220; button_bg_color__hover_enabled=&#8220;off&#8220; button_one_bg_color__hover_enabled=&#8220;off&#8220; button_two_bg_color__hover_enabled=&#8220;off&#8220;][\/et_pb_contact_field][et_pb_contact_field field_id=&#8220;Datum&#8220; field_title=&#8220;Date*&#8220; _builder_version=&#8220;4.27.0&#8243; _module_preset=&#8220;default&#8220; global_colors_info=&#8220;{}&#8220;][\/et_pb_contact_field][et_pb_contact_field field_id=&#8220;Telefon&#8220; field_title=&#8220;Phone&#8220; required_mark=&#8220;off&#8220; _builder_version=&#8220;4.27.0&#8243; _module_preset=&#8220;default&#8220; global_colors_info=&#8220;{}&#8220;][\/et_pb_contact_field][et_pb_contact_field field_id=&#8220;Personenanzahl&#8220; field_title=&#8220;Number of persons*&#8220; _builder_version=&#8220;4.27.0&#8243; _module_preset=&#8220;default&#8220; global_colors_info=&#8220;{}&#8220;][\/et_pb_contact_field][et_pb_contact_field field_id=&#8220;Seminarpaket&#8220; field_title=&#8220;Seminar package*&#8220; field_type=&#8220;select&#8220; select_options=&#8220;%91{%22value%22:%22Half-day seminar%22,%22checked%22:0,%22dragID%22:-1},{%22value%22:%22Full-day seminar%22,%22checked%22:0,%22dragID%22:0},{%22value%22:%22Seminar without food%22,%22checked%22:0,%22dragID%22:1},{%22value%22:%22Individual request%22,%22checked%22:0,%22dragID%22:2}%93&#8243; _builder_version=&#8220;4.27.0&#8243; _module_preset=&#8220;default&#8220; global_colors_info=&#8220;{}&#8220;][\/et_pb_contact_field][et_pb_contact_field field_id=&#8220;Nachricht&#8220; field_title=&#8220;Message&#8220; field_type=&#8220;text&#8220; required_mark=&#8220;off&#8220; fullwidth_field=&#8220;on&#8220; _builder_version=&#8220;4.27.0&#8243; global_colors_info=&#8220;{}&#8220; button_text_size__hover_enabled=&#8220;off&#8220; button_one_text_size__hover_enabled=&#8220;off&#8220; button_two_text_size__hover_enabled=&#8220;off&#8220; button_text_color__hover_enabled=&#8220;off&#8220; button_one_text_color__hover_enabled=&#8220;off&#8220; button_two_text_color__hover_enabled=&#8220;off&#8220; button_border_width__hover_enabled=&#8220;off&#8220; button_one_border_width__hover_enabled=&#8220;off&#8220; button_two_border_width__hover_enabled=&#8220;off&#8220; button_border_color__hover_enabled=&#8220;off&#8220; button_one_border_color__hover_enabled=&#8220;off&#8220; button_two_border_color__hover_enabled=&#8220;off&#8220; button_border_radius__hover_enabled=&#8220;off&#8220; button_one_border_radius__hover_enabled=&#8220;off&#8220; button_two_border_radius__hover_enabled=&#8220;off&#8220; button_letter_spacing__hover_enabled=&#8220;off&#8220; button_one_letter_spacing__hover_enabled=&#8220;off&#8220; button_two_letter_spacing__hover_enabled=&#8220;off&#8220; button_bg_color__hover_enabled=&#8220;off&#8220; button_one_bg_color__hover_enabled=&#8220;off&#8220; button_two_bg_color__hover_enabled=&#8220;off&#8220;][\/et_pb_contact_field][\/et_pb_contact_form][\/et_pb_column][\/et_pb_row][\/et_pb_section]<\/p>\n","protected":false},"excerpt":{"rendered":"<p>Book your overnight stay with us now! The hotel is situated in a central and quiet location directly opposite the famous collegiate basilica and the monastery. On the most beautiful square in Waldsassen. Request now &nbsp;Modern conferences in a historical ambienceOur conference room in the K\u00f6niglich-Bayerisches Forsthaus offers a unique blend of historical flair and state-of-the-art equipment. With space for up to 18 people and a state-of-the-art TV for presentations, the room is ideal for exclusive meetings and seminars. The stylish furnishings create a pleasant atmosphere that promotes creativity and productivity. Enjoy the special aura of our hotel while you make important business decisions and develop innovative ideas.Plan your next seminar, meeting or training with us and choose from our flexible booking options. Whether you only need half a day, a full day or a seminar without catering &#8211; we have the right offer for you. Our modern seminar rooms provide the perfect environment for productive meetings at transparent and fair prices. Let&#8217;s make your event a success together!2-course lunch menuCoffee and pastriesIncl. drinks (water, soda)Manager&#8217;s case and electrical appliances2-course lunch menuCoffee and pastriesIncl. drinks (water, soda)Manager&#8217;s case and electrical appliances3-course evening menuManager&#8217;s case and electrical appliances Non-alcoholic drinks &#8211; [&hellip;]<\/p>\n","protected":false},"author":1,"featured_media":0,"parent":0,"menu_order":0,"comment_status":"closed","ping_status":"closed","template":"","meta":{"_et_pb_use_builder":"on","_et_pb_old_content":"","_et_gb_content_width":"","footnotes":""},"class_list":["post-557","page","type-page","status-publish","hentry"],"yoast_head":"<!-- This site is optimized with the Yoast SEO plugin v26.3 - https:\/\/yoast.com\/wordpress\/plugins\/seo\/ -->\n<title>Konferenzraum EN - K\u00f6nigliches Forsthaus<\/title>\n<meta name=\"robots\" content=\"noindex, follow, max-snippet:-1, max-image-preview:large, max-video-preview:-1\" \/>\n<meta property=\"og:locale\" content=\"de_DE\" \/>\n<meta property=\"og:type\" content=\"article\" \/>\n<meta property=\"og:title\" content=\"Konferenzraum EN - K\u00f6nigliches Forsthaus\" \/>\n<meta property=\"og:description\" content=\"Book your overnight stay with us now! The hotel is situated in a central and quiet location directly opposite the famous collegiate basilica and the monastery. On the most beautiful square in Waldsassen. Request now &nbsp;Modern conferences in a historical ambienceOur conference room in the K\u00f6niglich-Bayerisches Forsthaus offers a unique blend of historical flair and state-of-the-art equipment. With space for up to 18 people and a state-of-the-art TV for presentations, the room is ideal for exclusive meetings and seminars. The stylish furnishings create a pleasant atmosphere that promotes creativity and productivity. Enjoy the special aura of our hotel while you make important business decisions and develop innovative ideas.Plan your next seminar, meeting or training with us and choose from our flexible booking options. Whether you only need half a day, a full day or a seminar without catering - we have the right offer for you. Our modern seminar rooms provide the perfect environment for productive meetings at transparent and fair prices. Let&#039;s make your event a success together!2-course lunch menuCoffee and pastriesIncl. drinks (water, soda)Manager&#039;s case and electrical appliances2-course lunch menuCoffee and pastriesIncl. drinks (water, soda)Manager&#039;s case and electrical appliances3-course evening menuManager&#039;s case and electrical appliances Non-alcoholic drinks - [&hellip;]\" \/>\n<meta property=\"og:url\" content=\"https:\/\/www.koenigliches-forsthaus.de\/?page_id=557&amp;lang=en\" \/>\n<meta property=\"og:site_name\" content=\"K\u00f6nigliches Forsthaus\" \/>\n<meta property=\"article:publisher\" content=\"https:\/\/www.facebook.com\/p\/Hotel-zum-ehem-Kniglich-bayr-Forsthaus-100057191930624\/\" \/>\n<meta property=\"article:modified_time\" content=\"2024-08-06T12:39:31+00:00\" \/>\n<meta name=\"twitter:card\" content=\"summary_large_image\" \/>\n<meta name=\"twitter:label1\" content=\"Gesch\u00e4tzte Lesezeit\" \/>\n\t<meta name=\"twitter:data1\" content=\"14\u00a0Minuten\" \/>\n<script type=\"application\/ld+json\" class=\"yoast-schema-graph\">{\"@context\":\"https:\/\/schema.org\",\"@graph\":[{\"@type\":\"WebPage\",\"@id\":\"https:\/\/www.koenigliches-forsthaus.de\/?page_id=557&lang=en\",\"url\":\"https:\/\/www.koenigliches-forsthaus.de\/?page_id=557&lang=en\",\"name\":\"Konferenzraum EN - K\u00f6nigliches Forsthaus\",\"isPartOf\":{\"@id\":\"https:\/\/www.koenigliches-forsthaus.de\/#website\"},\"datePublished\":\"2024-08-06T11:56:40+00:00\",\"dateModified\":\"2024-08-06T12:39:31+00:00\",\"breadcrumb\":{\"@id\":\"https:\/\/www.koenigliches-forsthaus.de\/?page_id=557&lang=en#breadcrumb\"},\"inLanguage\":\"de\",\"potentialAction\":[{\"@type\":\"ReadAction\",\"target\":[\"https:\/\/www.koenigliches-forsthaus.de\/?page_id=557&lang=en\"]}]},{\"@type\":\"BreadcrumbList\",\"@id\":\"https:\/\/www.koenigliches-forsthaus.de\/?page_id=557&lang=en#breadcrumb\",\"itemListElement\":[{\"@type\":\"ListItem\",\"position\":1,\"name\":\"Startseite\",\"item\":\"https:\/\/www.koenigliches-forsthaus.de\/\"},{\"@type\":\"ListItem\",\"position\":2,\"name\":\"Konferenzraum EN\"}]},{\"@type\":\"WebSite\",\"@id\":\"https:\/\/www.koenigliches-forsthaus.de\/#website\",\"url\":\"https:\/\/www.koenigliches-forsthaus.de\/\",\"name\":\"K\u00f6nigliches Forsthaus\",\"description\":\"Das Hotel zum ehem. K\u00f6niglich-Bayerischen Forsthaus liegt direkt an der ber\u00fchmten Basilika in Waldsassen im wundersch\u00f6nen Oberpfalz.\",\"publisher\":{\"@id\":\"https:\/\/www.koenigliches-forsthaus.de\/#organization\"},\"potentialAction\":[{\"@type\":\"SearchAction\",\"target\":{\"@type\":\"EntryPoint\",\"urlTemplate\":\"https:\/\/www.koenigliches-forsthaus.de\/?s={search_term_string}\"},\"query-input\":{\"@type\":\"PropertyValueSpecification\",\"valueRequired\":true,\"valueName\":\"search_term_string\"}}],\"inLanguage\":\"de\"},{\"@type\":\"Organization\",\"@id\":\"https:\/\/www.koenigliches-forsthaus.de\/#organization\",\"name\":\"K\u00f6nigliches Forsthaus\",\"url\":\"https:\/\/www.koenigliches-forsthaus.de\/\",\"logo\":{\"@type\":\"ImageObject\",\"inLanguage\":\"de\",\"@id\":\"https:\/\/www.koenigliches-forsthaus.de\/#\/schema\/logo\/image\/\",\"url\":\"https:\/\/www.koenigliches-forsthaus.de\/wp-content\/uploads\/2024\/08\/favicon.png\",\"contentUrl\":\"https:\/\/www.koenigliches-forsthaus.de\/wp-content\/uploads\/2024\/08\/favicon.png\",\"width\":512,\"height\":512,\"caption\":\"K\u00f6nigliches Forsthaus\"},\"image\":{\"@id\":\"https:\/\/www.koenigliches-forsthaus.de\/#\/schema\/logo\/image\/\"},\"sameAs\":[\"https:\/\/www.facebook.com\/p\/Hotel-zum-ehem-Kniglich-bayr-Forsthaus-100057191930624\/\"]}]}<\/script>\n<!-- \/ Yoast SEO plugin. -->","yoast_head_json":{"title":"Konferenzraum EN - K\u00f6nigliches Forsthaus","robots":{"index":"noindex","follow":"follow","max-snippet":"max-snippet:-1","max-image-preview":"max-image-preview:large","max-video-preview":"max-video-preview:-1"},"og_locale":"de_DE","og_type":"article","og_title":"Konferenzraum EN - K\u00f6nigliches Forsthaus","og_description":"Book your overnight stay with us now! The hotel is situated in a central and quiet location directly opposite the famous collegiate basilica and the monastery. On the most beautiful square in Waldsassen. Request now &nbsp;Modern conferences in a historical ambienceOur conference room in the K\u00f6niglich-Bayerisches Forsthaus offers a unique blend of historical flair and state-of-the-art equipment. With space for up to 18 people and a state-of-the-art TV for presentations, the room is ideal for exclusive meetings and seminars. The stylish furnishings create a pleasant atmosphere that promotes creativity and productivity. Enjoy the special aura of our hotel while you make important business decisions and develop innovative ideas.Plan your next seminar, meeting or training with us and choose from our flexible booking options. Whether you only need half a day, a full day or a seminar without catering - we have the right offer for you. Our modern seminar rooms provide the perfect environment for productive meetings at transparent and fair prices. Let's make your event a success together!2-course lunch menuCoffee and pastriesIncl. drinks (water, soda)Manager's case and electrical appliances2-course lunch menuCoffee and pastriesIncl. drinks (water, soda)Manager's case and electrical appliances3-course evening menuManager's case and electrical appliances Non-alcoholic drinks - [&hellip;]","og_url":"https:\/\/www.koenigliches-forsthaus.de\/?page_id=557&lang=en","og_site_name":"K\u00f6nigliches Forsthaus","article_publisher":"https:\/\/www.facebook.com\/p\/Hotel-zum-ehem-Kniglich-bayr-Forsthaus-100057191930624\/","article_modified_time":"2024-08-06T12:39:31+00:00","twitter_card":"summary_large_image","twitter_misc":{"Gesch\u00e4tzte Lesezeit":"14\u00a0Minuten"},"schema":{"@context":"https:\/\/schema.org","@graph":[{"@type":"WebPage","@id":"https:\/\/www.koenigliches-forsthaus.de\/?page_id=557&lang=en","url":"https:\/\/www.koenigliches-forsthaus.de\/?page_id=557&lang=en","name":"Konferenzraum EN - K\u00f6nigliches Forsthaus","isPartOf":{"@id":"https:\/\/www.koenigliches-forsthaus.de\/#website"},"datePublished":"2024-08-06T11:56:40+00:00","dateModified":"2024-08-06T12:39:31+00:00","breadcrumb":{"@id":"https:\/\/www.koenigliches-forsthaus.de\/?page_id=557&lang=en#breadcrumb"},"inLanguage":"de","potentialAction":[{"@type":"ReadAction","target":["https:\/\/www.koenigliches-forsthaus.de\/?page_id=557&lang=en"]}]},{"@type":"BreadcrumbList","@id":"https:\/\/www.koenigliches-forsthaus.de\/?page_id=557&lang=en#breadcrumb","itemListElement":[{"@type":"ListItem","position":1,"name":"Startseite","item":"https:\/\/www.koenigliches-forsthaus.de\/"},{"@type":"ListItem","position":2,"name":"Konferenzraum EN"}]},{"@type":"WebSite","@id":"https:\/\/www.koenigliches-forsthaus.de\/#website","url":"https:\/\/www.koenigliches-forsthaus.de\/","name":"K\u00f6nigliches Forsthaus","description":"Das Hotel zum ehem. K\u00f6niglich-Bayerischen Forsthaus liegt direkt an der ber\u00fchmten Basilika in Waldsassen im wundersch\u00f6nen Oberpfalz.","publisher":{"@id":"https:\/\/www.koenigliches-forsthaus.de\/#organization"},"potentialAction":[{"@type":"SearchAction","target":{"@type":"EntryPoint","urlTemplate":"https:\/\/www.koenigliches-forsthaus.de\/?s={search_term_string}"},"query-input":{"@type":"PropertyValueSpecification","valueRequired":true,"valueName":"search_term_string"}}],"inLanguage":"de"},{"@type":"Organization","@id":"https:\/\/www.koenigliches-forsthaus.de\/#organization","name":"K\u00f6nigliches Forsthaus","url":"https:\/\/www.koenigliches-forsthaus.de\/","logo":{"@type":"ImageObject","inLanguage":"de","@id":"https:\/\/www.koenigliches-forsthaus.de\/#\/schema\/logo\/image\/","url":"https:\/\/www.koenigliches-forsthaus.de\/wp-content\/uploads\/2024\/08\/favicon.png","contentUrl":"https:\/\/www.koenigliches-forsthaus.de\/wp-content\/uploads\/2024\/08\/favicon.png","width":512,"height":512,"caption":"K\u00f6nigliches Forsthaus"},"image":{"@id":"https:\/\/www.koenigliches-forsthaus.de\/#\/schema\/logo\/image\/"},"sameAs":["https:\/\/www.facebook.com\/p\/Hotel-zum-ehem-Kniglich-bayr-Forsthaus-100057191930624\/"]}]}},"_links":{"self":[{"href":"https:\/\/www.koenigliches-forsthaus.de\/index.php?rest_route=\/wp\/v2\/pages\/557","targetHints":{"allow":["GET"]}}],"collection":[{"href":"https:\/\/www.koenigliches-forsthaus.de\/index.php?rest_route=\/wp\/v2\/pages"}],"about":[{"href":"https:\/\/www.koenigliches-forsthaus.de\/index.php?rest_route=\/wp\/v2\/types\/page"}],"author":[{"embeddable":true,"href":"https:\/\/www.koenigliches-forsthaus.de\/index.php?rest_route=\/wp\/v2\/users\/1"}],"replies":[{"embeddable":true,"href":"https:\/\/www.koenigliches-forsthaus.de\/index.php?rest_route=%2Fwp%2Fv2%2Fcomments&post=557"}],"version-history":[{"count":7,"href":"https:\/\/www.koenigliches-forsthaus.de\/index.php?rest_route=\/wp\/v2\/pages\/557\/revisions"}],"predecessor-version":[{"id":583,"href":"https:\/\/www.koenigliches-forsthaus.de\/index.php?rest_route=\/wp\/v2\/pages\/557\/revisions\/583"}],"wp:attachment":[{"href":"https:\/\/www.koenigliches-forsthaus.de\/index.php?rest_route=%2Fwp%2Fv2%2Fmedia&parent=557"}],"curies":[{"name":"wp","href":"https:\/\/api.w.org\/{rel}","templated":true}]}}